{"id":1516,"date":"2022-12-12T15:31:03","date_gmt":"2022-12-12T14:31:03","guid":{"rendered":"https:\/\/www.haustechnik-inar.eu\/?page_id=1516"},"modified":"2023-10-16T09:29:09","modified_gmt":"2023-10-16T07:29:09","slug":"privacy-policy","status":"publish","type":"page","link":"https:\/\/www.haustechnik-inar.eu\/it\/privacy-policy\/","title":{"rendered":"Privacy Policy"},"content":{"rendered":"<div  class='avia-button-wrap av-1zomek-41355043ef56504abf8ad8514cf2248c-wrap avia-button-center  avia-builder-el-0  el_before_av_heading  avia-builder-el-first '><a href='https:\/\/www.haustechnik-inar.eu\/it\/'  class='avia-button av-1zomek-41355043ef56504abf8ad8514cf2248c av-link-btn avia-icon_select-yes-left-icon avia-size-large avia-position-center avia-color-theme-color'   aria-label=\"Home\"><span class='avia_button_icon avia_button_icon_left avia-iconfont avia-font-entypo-fontello' data-av_icon='\ue821' data-av_iconfont='entypo-fontello' ><\/span><span class='avia_iconbox_title' >Home<\/span><\/a><\/div>\n\n<style type=\"text\/css\" data-created_by=\"avia_inline_auto\" id=\"style-css-av-lbkwwhum-24f1e3d35afe82eff00083ac2c58f4a2\">\n#top .av-special-heading.av-lbkwwhum-24f1e3d35afe82eff00083ac2c58f4a2{\npadding-bottom:10px;\n}\nbody .av-special-heading.av-lbkwwhum-24f1e3d35afe82eff00083ac2c58f4a2 .av-special-heading-tag .heading-char{\nfont-size:25px;\n}\n.av-special-heading.av-lbkwwhum-24f1e3d35afe82eff00083ac2c58f4a2 .av-subheading{\nfont-size:15px;\n}\n<\/style>\n<div  class='av-special-heading av-lbkwwhum-24f1e3d35afe82eff00083ac2c58f4a2 av-special-heading-h1  avia-builder-el-1  el_after_av_button  el_before_av_textblock '><h1 class='av-special-heading-tag '  itemprop=\"headline\"  >Privacy Policy<\/h1><div class=\"special-heading-border\"><div class=\"special-heading-inner-border\"><\/div><\/div><\/div>\n<section  class='av_textblock_section av-lbkx08xh-3280d5f8bbf18519a36c842ff7f8f96b '   itemscope=\"itemscope\" itemtype=\"https:\/\/schema.org\/CreativeWork\" ><div class='avia_textblock'  itemprop=\"text\" ><div class=\"av-special-heading av-l77mcjtg-fae6de56d7cd521c101a669fe0c57585 av-special-heading-h3 avia-builder-el-1 el_before_av_textblock avia-builder-el-first \">\n<p>Ai sensi dell\u2019art. 13 del Regolamento (UE) 2016\/679 relativo alla protezione delle persone fisiche con riguardo al trattamento dei dati personali e della raccomandazione n. 2\/2001 relativa ai requisiti minimi per la raccolta di dati on-line nell\u2019UE<\/p>\n<p>1. Titolare del trattamento<br \/>\nTitolare del trattamento \u00e8<\/p>\n<p>Haustechnik INAR\u00a0d. Leonhard Verdorfer<br \/>\n39012 MERANO (BZ) \/ via San Floriano, 7<br \/>\nTel. +39 345 80 44 753<br \/>\nCod. Fisc.:\u00a0VRD LHR 71E15 F132D<br \/>\nPart. IVA: 02674330218<br \/>\nEmail: <a href=\"mailto:info@haustechnik-inar.eu\">info[at]haustechnik-inar.eu<\/a><br \/>\nWeb: <a href=\"https:\/\/www.haustechnik-inar.eu\">www.haustechnik-inar.eu<\/a><\/p>\n<p>Responsabile della Protezione dei Dati Personali o Data Protection Officer (DPO)<br \/>\nI dati di contatto del Responsabile della protezione dei dati (DPO \u2013 Data Protection Officer) sono i seguenti:<br \/>\nLeonhard Verdorfer<br \/>\nTel. +39 345 80 44 753<br \/>\nEmail: <a href=\"mailto:info@haustechnik-inar.eu\">info[at]haustechnik-inar.eu<\/a><\/p>\n<p>La presente informativa privacy intende fornire informazioni circa il trattamento, le finalit\u00e0, le modalit\u00e0 e, in generale, la gestione dei dati raccolti tramite il sito web www.haustechnik-inar.eu (di seguito, per brevit\u00e0, il Sito Web). La presente informativa privacy riguarda unicamente il presente Sito Web, escludendo quindi ulteriori pagine visitabili tramite collegamento (link).<\/p>\n<p>2. Finalit\u00e0 del trattamento e base giuridica<br \/>\nIl Titolare del trattamento garantisce nell\u2019ambito delle previsioni normative che il trattamento dei dati personali tramite il Sito Web si svolge nel rispetto dei diritti e delle libert\u00e0 fondamentali, nonch\u00e9 della dignit\u00e0 dell\u2019interessato\/a, con particolare riferimento alla riservatezza, all\u2019identit\u00e0 personale e al diritto alla protezione dei dati personali.<br \/>\nNel rispetto delle condizioni di liceit\u00e0 previste all\u2019art. 6 del GDPR 2016\/679, i dati personali da Lei forniti attraverso il Sito Web potranno essere trattati esclusivamente per le seguenti finalit\u00e0:<br \/>\na) Iscrizione Newsletter<br \/>\nL\u2019interessato ha prestato il proprio consenso esplicito al trattamento di tali dati personali per una o pi\u00f9 finalit\u00e0 specifiche [\u2026] \u2013 art. 6, comma 1, lett. a) del GDPR 2016\/67).<\/p>\n<p>3. Tipologia di dati trattati<br \/>\nPer le finalit\u00e0 sopra citate possono essere oggetto di trattamento principalmente:<br \/>\na. dati personali di natura comune (es. nome, cognome, numero di telefono e indirizzo di posta elettronica);<\/p>\n<p>4. Modalit\u00e0 di trattamento<br \/>\nIl trattamento sar\u00e0 effettuato:<br \/>\na. dal solo personale autorizzato per lo svolgimento delle attivit\u00e0 di trattamento;<br \/>\nb. mediante l\u2019utilizzo di sistemi manuali e elettronici;<br \/>\nc. da soggetti autorizzati all\u2019assolvimento di tali compiti ai sensi di legge;<br \/>\nd. con l\u2019impiego di misure organizzative e tecniche adeguate a garantire la riservatezza dei dati ed evitare l\u2019accesso agli stessi da parte di terzi non autorizzati.<br \/>\nI Suoi dati non saranno inseriti in processi decisionali automatizzati.<\/p>\n<p>5. Periodo di conservazione dei dati personali<br \/>\nI dati da Lei forniti saranno conservati per il periodo strettamente necessario al perseguimento delle finalit\u00e0 ovvero fino alla revoca del consenso prestato.<\/p>\n<p>6. Diffusione e comunicazione dei dati personali<br \/>\nI Suoi dati personali non saranno diffusi. Tuttavia gli stessi potranno essere comunicati a terzi:<br \/>\na. alle Pubbliche Amministrazioni e Autorit\u00e0, ove previsto dalla legge;<br \/>\nb. fornitori di servizi e soggetti terzi in rapporto contrattuale con il Titolare nominati quali \u201cResponsabili del trattamento\u201d ex art. 28 del GDPR e tenuti al rispetto degli obblighi in materia di protezione dei dati, in virt\u00f9 di un apposito atto stipulato con il Titolare;<br \/>\nc. soggetti giuridici legittimati ad accedere ai dati in forza di disposizioni di legge, normative e regolamentari<\/p>\n<p>7. Diritti degli interessati<br \/>\nLei ha diritto di richiedere al Titolare del trattamento i diritti di cui agli artt. 15 e ss. del GDPR 2016\/679:<br \/>\nL\u2019accesso ai Suoi dati ed informazioni;<\/p>\n<ul>\n<li>la rettifica e la cancellazione (\u201cdiritto all\u2019oblio\u201d) dei dati;<\/li>\n<li>la limitazione del trattamento e la possibilit\u00e0 di opporsi al trattamento;<\/li>\n<li>la portabilit\u00e0 dei dati;<\/li>\n<li>la revoca al consenso del trattamento.<\/li>\n<\/ul>\n<p>Qualora ritenga che i suoi diritti sono stati violati, Lei ha la facolt\u00e0 e il diritto di esporre reclamo all\u2019Autorit\u00e0 GPDP per la tutela dei dati personali:\u00a0\u00a0<a href=\"https:\/\/www.garanteprivacy.it\" target=\"_blank\" rel=\"noopener\">www.garanteprivacy.it<\/a><\/p>\n<\/div>\n<section class=\"av_textblock_section av-l77brurn-2bdc34df9bcc3df865f35d466bef3743\">\n<div class=\"avia_textblock\"><\/div>\n<\/section>\n<\/div><\/section>\n","protected":false},"excerpt":{"rendered":"","protected":false},"author":5021,"featured_media":884,"parent":0,"menu_order":0,"comment_status":"closed","ping_status":"closed","template":"","meta":{"footnotes":""},"class_list":["post-1516","page","type-page","status-publish","has-post-thumbnail","hentry"],"yoast_head":"<!-- This site is optimized with the Yoast SEO plugin v28.4 - https:\/\/yoast.com\/product\/yoast-seo-wordpress\/ -->\n<title>Privacy Policy - Haustechnik INAR \/ Riparazioni di elettrodomestici \/ Merano (BZ) Alto Adige<\/title>\n<meta name=\"description\" content=\"Privacy Policy - Haustechnik INAR d. Leonhard Verdorfer\" \/>\n<meta name=\"robots\" content=\"index, follow, max-snippet:-1, max-image-preview:large, max-video-preview:-1\" \/>\n<link rel=\"canonical\" href=\"https:\/\/www.haustechnik-inar.eu\/it\/privacy-policy\/\" \/>\n<meta property=\"og:locale\" content=\"it_IT\" \/>\n<meta property=\"og:type\" content=\"article\" \/>\n<meta property=\"og:title\" content=\"Privacy Policy - Haustechnik INAR \/ Riparazioni di elettrodomestici \/ Merano (BZ) Alto Adige\" \/>\n<meta property=\"og:description\" content=\"Privacy Policy - Haustechnik INAR d. Leonhard Verdorfer\" \/>\n<meta property=\"og:url\" content=\"https:\/\/www.haustechnik-inar.eu\/it\/privacy-policy\/\" \/>\n<meta property=\"og:site_name\" content=\"Haustechnik INAR \/ Riparazioni di elettrodomestici \/ Merano (BZ) Alto Adige\" \/>\n<meta property=\"article:publisher\" content=\"https:\/\/www.facebook.com\/haustechnikinar.desleonhardverdorfer\/\" \/>\n<meta property=\"article:modified_time\" content=\"2023-10-16T07:29:09+00:00\" \/>\n<meta property=\"og:image\" content=\"https:\/\/www.haustechnik-inar.eu\/wp-content\/uploads\/2016\/08\/haustechnik-inar_logo-FB.jpg\" \/>\n\t<meta property=\"og:image:width\" content=\"1200\" \/>\n\t<meta property=\"og:image:height\" content=\"630\" \/>\n\t<meta property=\"og:image:type\" content=\"image\/jpeg\" \/>\n<meta name=\"twitter:card\" content=\"summary_large_image\" \/>\n<meta name=\"twitter:label1\" content=\"Tempo di lettura stimato\" \/>\n\t<meta name=\"twitter:data1\" content=\"5 minuti\" \/>\n<script type=\"application\/ld+json\" class=\"yoast-schema-graph\">{\"@context\":\"https:\\\/\\\/schema.org\",\"@graph\":[{\"@type\":\"WebPage\",\"@id\":\"https:\\\/\\\/www.haustechnik-inar.eu\\\/it\\\/privacy-policy\\\/\",\"url\":\"https:\\\/\\\/www.haustechnik-inar.eu\\\/it\\\/privacy-policy\\\/\",\"name\":\"Privacy Policy - Haustechnik INAR \\\/ Riparazioni di elettrodomestici \\\/ Merano (BZ) Alto Adige\",\"isPartOf\":{\"@id\":\"https:\\\/\\\/www.haustechnik-inar.eu\\\/it\\\/#website\"},\"primaryImageOfPage\":{\"@id\":\"https:\\\/\\\/www.haustechnik-inar.eu\\\/it\\\/privacy-policy\\\/#primaryimage\"},\"image\":{\"@id\":\"https:\\\/\\\/www.haustechnik-inar.eu\\\/it\\\/privacy-policy\\\/#primaryimage\"},\"thumbnailUrl\":\"https:\\\/\\\/www.haustechnik-inar.eu\\\/wp-content\\\/uploads\\\/2016\\\/08\\\/haustechnik-inar_logo-FB.jpg\",\"datePublished\":\"2022-12-12T14:31:03+00:00\",\"dateModified\":\"2023-10-16T07:29:09+00:00\",\"description\":\"Privacy Policy - Haustechnik INAR d. Leonhard Verdorfer\",\"breadcrumb\":{\"@id\":\"https:\\\/\\\/www.haustechnik-inar.eu\\\/it\\\/privacy-policy\\\/#breadcrumb\"},\"inLanguage\":\"it-IT\",\"potentialAction\":[{\"@type\":\"ReadAction\",\"target\":[\"https:\\\/\\\/www.haustechnik-inar.eu\\\/it\\\/privacy-policy\\\/\"]}]},{\"@type\":\"ImageObject\",\"inLanguage\":\"it-IT\",\"@id\":\"https:\\\/\\\/www.haustechnik-inar.eu\\\/it\\\/privacy-policy\\\/#primaryimage\",\"url\":\"https:\\\/\\\/www.haustechnik-inar.eu\\\/wp-content\\\/uploads\\\/2016\\\/08\\\/haustechnik-inar_logo-FB.jpg\",\"contentUrl\":\"https:\\\/\\\/www.haustechnik-inar.eu\\\/wp-content\\\/uploads\\\/2016\\\/08\\\/haustechnik-inar_logo-FB.jpg\",\"width\":1200,\"height\":630},{\"@type\":\"BreadcrumbList\",\"@id\":\"https:\\\/\\\/www.haustechnik-inar.eu\\\/it\\\/privacy-policy\\\/#breadcrumb\",\"itemListElement\":[{\"@type\":\"ListItem\",\"position\":1,\"name\":\"Startseite\",\"item\":\"https:\\\/\\\/www.haustechnik-inar.eu\\\/it\\\/\"},{\"@type\":\"ListItem\",\"position\":2,\"name\":\"Privacy Policy\"}]},{\"@type\":\"WebSite\",\"@id\":\"https:\\\/\\\/www.haustechnik-inar.eu\\\/it\\\/#website\",\"url\":\"https:\\\/\\\/www.haustechnik-inar.eu\\\/it\\\/\",\"name\":\"Haustechnik INAR \\\/ Riparazioni di elettrodomestici \\\/ Merano (BZ) Alto Adige\",\"description\":\"Riparazioni di elettrodomestici  - Mercatino usato - Pezzi di ricambio\",\"publisher\":{\"@id\":\"https:\\\/\\\/www.haustechnik-inar.eu\\\/it\\\/#organization\"},\"potentialAction\":[{\"@type\":\"SearchAction\",\"target\":{\"@type\":\"EntryPoint\",\"urlTemplate\":\"https:\\\/\\\/www.haustechnik-inar.eu\\\/it\\\/?s={search_term_string}\"},\"query-input\":{\"@type\":\"PropertyValueSpecification\",\"valueRequired\":true,\"valueName\":\"search_term_string\"}}],\"inLanguage\":\"it-IT\"},{\"@type\":\"Organization\",\"@id\":\"https:\\\/\\\/www.haustechnik-inar.eu\\\/it\\\/#organization\",\"name\":\"Haustechnik INAR d. Leonhard Verdorfer\",\"url\":\"https:\\\/\\\/www.haustechnik-inar.eu\\\/it\\\/\",\"logo\":{\"@type\":\"ImageObject\",\"inLanguage\":\"it-IT\",\"@id\":\"https:\\\/\\\/www.haustechnik-inar.eu\\\/it\\\/#\\\/schema\\\/logo\\\/image\\\/\",\"url\":\"https:\\\/\\\/www.haustechnik-inar.eu\\\/wp-content\\\/uploads\\\/2016\\\/08\\\/haustechnik-inar_logo-home-mobile.png\",\"contentUrl\":\"https:\\\/\\\/www.haustechnik-inar.eu\\\/wp-content\\\/uploads\\\/2016\\\/08\\\/haustechnik-inar_logo-home-mobile.png\",\"width\":1030,\"height\":687,\"caption\":\"Haustechnik INAR d. Leonhard Verdorfer\"},\"image\":{\"@id\":\"https:\\\/\\\/www.haustechnik-inar.eu\\\/it\\\/#\\\/schema\\\/logo\\\/image\\\/\"},\"sameAs\":[\"https:\\\/\\\/www.facebook.com\\\/haustechnikinar.desleonhardverdorfer\\\/\"]}]}<\/script>\n<!-- \/ Yoast SEO plugin. -->","yoast_head_json":{"title":"Privacy Policy - Haustechnik INAR \/ Riparazioni di elettrodomestici \/ Merano (BZ) Alto Adige","description":"Privacy Policy - Haustechnik INAR d. Leonhard Verdorfer","robots":{"index":"index","follow":"follow","max-snippet":"max-snippet:-1","max-image-preview":"max-image-preview:large","max-video-preview":"max-video-preview:-1"},"canonical":"https:\/\/www.haustechnik-inar.eu\/it\/privacy-policy\/","og_locale":"it_IT","og_type":"article","og_title":"Privacy Policy - Haustechnik INAR \/ Riparazioni di elettrodomestici \/ Merano (BZ) Alto Adige","og_description":"Privacy Policy - Haustechnik INAR d. Leonhard Verdorfer","og_url":"https:\/\/www.haustechnik-inar.eu\/it\/privacy-policy\/","og_site_name":"Haustechnik INAR \/ Riparazioni di elettrodomestici \/ Merano (BZ) Alto Adige","article_publisher":"https:\/\/www.facebook.com\/haustechnikinar.desleonhardverdorfer\/","article_modified_time":"2023-10-16T07:29:09+00:00","og_image":[{"width":1200,"height":630,"url":"https:\/\/www.haustechnik-inar.eu\/wp-content\/uploads\/2016\/08\/haustechnik-inar_logo-FB.jpg","type":"image\/jpeg"}],"twitter_card":"summary_large_image","twitter_misc":{"Tempo di lettura stimato":"5 minuti"},"schema":{"@context":"https:\/\/schema.org","@graph":[{"@type":"WebPage","@id":"https:\/\/www.haustechnik-inar.eu\/it\/privacy-policy\/","url":"https:\/\/www.haustechnik-inar.eu\/it\/privacy-policy\/","name":"Privacy Policy - Haustechnik INAR \/ Riparazioni di elettrodomestici \/ Merano (BZ) Alto Adige","isPartOf":{"@id":"https:\/\/www.haustechnik-inar.eu\/it\/#website"},"primaryImageOfPage":{"@id":"https:\/\/www.haustechnik-inar.eu\/it\/privacy-policy\/#primaryimage"},"image":{"@id":"https:\/\/www.haustechnik-inar.eu\/it\/privacy-policy\/#primaryimage"},"thumbnailUrl":"https:\/\/www.haustechnik-inar.eu\/wp-content\/uploads\/2016\/08\/haustechnik-inar_logo-FB.jpg","datePublished":"2022-12-12T14:31:03+00:00","dateModified":"2023-10-16T07:29:09+00:00","description":"Privacy Policy - Haustechnik INAR d. Leonhard Verdorfer","breadcrumb":{"@id":"https:\/\/www.haustechnik-inar.eu\/it\/privacy-policy\/#breadcrumb"},"inLanguage":"it-IT","potentialAction":[{"@type":"ReadAction","target":["https:\/\/www.haustechnik-inar.eu\/it\/privacy-policy\/"]}]},{"@type":"ImageObject","inLanguage":"it-IT","@id":"https:\/\/www.haustechnik-inar.eu\/it\/privacy-policy\/#primaryimage","url":"https:\/\/www.haustechnik-inar.eu\/wp-content\/uploads\/2016\/08\/haustechnik-inar_logo-FB.jpg","contentUrl":"https:\/\/www.haustechnik-inar.eu\/wp-content\/uploads\/2016\/08\/haustechnik-inar_logo-FB.jpg","width":1200,"height":630},{"@type":"BreadcrumbList","@id":"https:\/\/www.haustechnik-inar.eu\/it\/privacy-policy\/#breadcrumb","itemListElement":[{"@type":"ListItem","position":1,"name":"Startseite","item":"https:\/\/www.haustechnik-inar.eu\/it\/"},{"@type":"ListItem","position":2,"name":"Privacy Policy"}]},{"@type":"WebSite","@id":"https:\/\/www.haustechnik-inar.eu\/it\/#website","url":"https:\/\/www.haustechnik-inar.eu\/it\/","name":"Haustechnik INAR \/ Riparazioni di elettrodomestici \/ Merano (BZ) Alto Adige","description":"Riparazioni di elettrodomestici  - Mercatino usato - Pezzi di ricambio","publisher":{"@id":"https:\/\/www.haustechnik-inar.eu\/it\/#organization"},"potentialAction":[{"@type":"SearchAction","target":{"@type":"EntryPoint","urlTemplate":"https:\/\/www.haustechnik-inar.eu\/it\/?s={search_term_string}"},"query-input":{"@type":"PropertyValueSpecification","valueRequired":true,"valueName":"search_term_string"}}],"inLanguage":"it-IT"},{"@type":"Organization","@id":"https:\/\/www.haustechnik-inar.eu\/it\/#organization","name":"Haustechnik INAR d. Leonhard Verdorfer","url":"https:\/\/www.haustechnik-inar.eu\/it\/","logo":{"@type":"ImageObject","inLanguage":"it-IT","@id":"https:\/\/www.haustechnik-inar.eu\/it\/#\/schema\/logo\/image\/","url":"https:\/\/www.haustechnik-inar.eu\/wp-content\/uploads\/2016\/08\/haustechnik-inar_logo-home-mobile.png","contentUrl":"https:\/\/www.haustechnik-inar.eu\/wp-content\/uploads\/2016\/08\/haustechnik-inar_logo-home-mobile.png","width":1030,"height":687,"caption":"Haustechnik INAR d. Leonhard Verdorfer"},"image":{"@id":"https:\/\/www.haustechnik-inar.eu\/it\/#\/schema\/logo\/image\/"},"sameAs":["https:\/\/www.facebook.com\/haustechnikinar.desleonhardverdorfer\/"]}]}},"_links":{"self":[{"href":"https:\/\/www.haustechnik-inar.eu\/it\/wp-json\/wp\/v2\/pages\/1516","targetHints":{"allow":["GET"]}}],"collection":[{"href":"https:\/\/www.haustechnik-inar.eu\/it\/wp-json\/wp\/v2\/pages"}],"about":[{"href":"https:\/\/www.haustechnik-inar.eu\/it\/wp-json\/wp\/v2\/types\/page"}],"author":[{"embeddable":true,"href":"https:\/\/www.haustechnik-inar.eu\/it\/wp-json\/wp\/v2\/users\/5021"}],"replies":[{"embeddable":true,"href":"https:\/\/www.haustechnik-inar.eu\/it\/wp-json\/wp\/v2\/comments?post=1516"}],"version-history":[{"count":0,"href":"https:\/\/www.haustechnik-inar.eu\/it\/wp-json\/wp\/v2\/pages\/1516\/revisions"}],"wp:featuredmedia":[{"embeddable":true,"href":"https:\/\/www.haustechnik-inar.eu\/it\/wp-json\/wp\/v2\/media\/884"}],"wp:attachment":[{"href":"https:\/\/www.haustechnik-inar.eu\/it\/wp-json\/wp\/v2\/media?parent=1516"}],"curies":[{"name":"wp","href":"https:\/\/api.w.org\/{rel}","templated":true}]}}